{"id":149,"date":"2018-11-27T15:18:09","date_gmt":"2018-11-27T15:18:09","guid":{"rendered":"https:\/\/leschuna.de\/?page_id=149"},"modified":"2026-01-07T10:43:23","modified_gmt":"2026-01-07T09:43:23","slug":"unsere-tiere","status":"publish","type":"page","link":"https:\/\/leschuna.de\/index.php\/unsere-tiere\/","title":{"rendered":"Unsere Tiere"},"content":{"rendered":"<div class=\"team-5 content-section content-section-spacing\" id=\"team-2\" data-id=\"team--2\" data-label=\"Team\" data-export-id=\"team-5\" data-category=\"team\">\n<div class=\"gridContainer\">\n<div class=\"row text-center\">\n<div class=\"section-title-col\" data-type=\"column\">\n<h2>UNSERE TIERE<\/h2>\n<p>Auf dieser Seite stellen sich unsere Tiere vor&#8230;&#8230;<\/p>\n<\/div>\n<\/div>\n<\/div>\n<\/div>\nngg_shortcode_0_placeholder\n\n\n<h2 class=\"wp-block-heading has-text-align-center\">Checkers der Herdenchef<\/h2>\n\n\n\n<h2 class=\"wp-block-heading has-text-align-center\"> 06.06.2023 friedlich eingeschlafen<\/h2>\n\n\n<div class=\"wp-block-image is-style-rounded\">\n<figure class=\"aligncenter size-large is-resized\"><img loading=\"lazy\" decoding=\"async\" width=\"798\" height=\"1197\" src=\"https:\/\/leschuna.de\/wp-content\/uploads\/2020\/09\/200530-26-edited.jpg\" alt=\"\" class=\"wp-image-614\" style=\"width:276px;height:415px\" srcset=\"https:\/\/leschuna.de\/wp-content\/uploads\/2020\/09\/200530-26-edited.jpg 798w, https:\/\/leschuna.de\/wp-content\/uploads\/2020\/09\/200530-26-edited-200x300.jpg 200w, https:\/\/leschuna.de\/wp-content\/uploads\/2020\/09\/200530-26-edited-683x1024.jpg 683w, https:\/\/leschuna.de\/wp-content\/uploads\/2020\/09\/200530-26-edited-768x1152.jpg 768w, https:\/\/leschuna.de\/wp-content\/uploads\/2020\/09\/200530-26-edited-720x1080.jpg 720w\" sizes=\"auto, (max-width: 798px) 100vw, 798px\" \/><figcaption class=\"wp-element-caption\">Checkers<\/figcaption><\/figure>\n<\/div>\n\n\n<p class=\"has-text-align-center\">Ich war der Lamachef Checkers. Ich beh\u00fctete die Lama- Alpaka- und Schafherde und lehrte meinen Artgenossen Ruhe und Gelassenheit. Mit mir und meinem Freund White Boy (bei dem ich jetzt im Himmel bin) begann in der LebensSchuleNatur die Lama- und Alpaka\u00e4ra. Aus nicht artgerechter Haltung gerettet, kamen wir hier her und sorgten daf\u00fcr, dass weitere Lamas und Alpakas hier ihr Zuhause fanden. Ich war von meiner Statur das gr\u00f6\u00dfte und schwerste Lama in unserer Herde. In meiner N\u00e4he f\u00fchltest Du Dich durch meine Ruhe und Gelassenheit, sicher und besch\u00fctzt. F\u00fcr Euch Menschen bin ich ein gro\u00dfv\u00e4terlicher Begleiter gewesen.<\/p>\n\n\n\n<p class=\"has-text-align-center\">Das Team der LebensSchuleNatur dankt seinem Freund und Meister Checkers f\u00fcr sein Sein.<\/p>\n\n\n\n<h2 class=\"wp-block-heading has-text-align-center\">Ich bin Helmfried<\/h2>\n\n\n<div class=\"wp-block-image is-style-rounded\">\n<figure class=\"aligncenter size-large is-resized\"><img loading=\"lazy\" decoding=\"async\" width=\"681\" height=\"1024\" src=\"https:\/\/leschuna.de\/wp-content\/uploads\/2020\/09\/Helmfried-681x1024.jpg\" alt=\"\" class=\"wp-image-619\" style=\"width:268px;height:403px\" srcset=\"https:\/\/leschuna.de\/wp-content\/uploads\/2020\/09\/Helmfried-681x1024.jpg 681w, https:\/\/leschuna.de\/wp-content\/uploads\/2020\/09\/Helmfried-200x300.jpg 200w, https:\/\/leschuna.de\/wp-content\/uploads\/2020\/09\/Helmfried-768x1155.jpg 768w, https:\/\/leschuna.de\/wp-content\/uploads\/2020\/09\/Helmfried-718x1080.jpg 718w, https:\/\/leschuna.de\/wp-content\/uploads\/2020\/09\/Helmfried.jpg 798w\" sizes=\"auto, (max-width: 681px) 100vw, 681px\" \/><figcaption class=\"wp-element-caption\">Helmfried<\/figcaption><\/figure>\n<\/div>\n\n\n<p class=\"has-text-align-center\">Mit mir kannst Du Pferde stehlen (Grins). Wie ich Hei\u00dfe ? Helmfried. Nicht so doll, aber ich trage diesen Namen mit W\u00fcrde wie jeder von uns. Ich gehe \u00fcberall mit Dir hin, so lange es unterwegs etwas K\u00f6stliches zu fressen gibt und Du mir die M\u00f6glichkeit dazu gibst es auch zu tun. Bevor ich in die LebensSchuleNatur kam, bin ich von meinen Vorbesitzern k\u00f6rperlich gequ\u00e4lt worden. Ein paar Blessuren trage ich noch heute mit mir.&nbsp;Ich bin ein wahrer Kletterk\u00fcnstler. Zaunlatten und Gegenst\u00e4nde, die mir die M\u00f6glichkeit bieten an die leckersten Bl\u00e4tter in scheinbar unerreichbarer H\u00f6he zu gelangen, nutze ich mit artistischer Eleganz. Ich bin sehr zutraulich, aber auch wachsam. Meinen Instinkten und Wahrnehmungen entgeht nichts. Furcht kenne ich scheinbar nicht und Du f\u00fchlst Dich in meiner Begleitung sicher.<\/p>\n\n\n\n<h2 class=\"wp-block-heading has-text-align-center\">Ich werde Gonzo genannt<\/h2>\n\n\n<div class=\"wp-block-image is-style-rounded\">\n<figure class=\"aligncenter size-large is-resized\"><img loading=\"lazy\" decoding=\"async\" width=\"1024\" height=\"681\" src=\"https:\/\/leschuna.de\/wp-content\/uploads\/2020\/09\/Gonzo-1024x681.jpg\" alt=\"\" class=\"wp-image-627\" style=\"width:346px;height:226px\" srcset=\"https:\/\/leschuna.de\/wp-content\/uploads\/2020\/09\/Gonzo-1024x681.jpg 1024w, https:\/\/leschuna.de\/wp-content\/uploads\/2020\/09\/Gonzo-300x200.jpg 300w, https:\/\/leschuna.de\/wp-content\/uploads\/2020\/09\/Gonzo-768x511.jpg 768w, https:\/\/leschuna.de\/wp-content\/uploads\/2020\/09\/Gonzo.jpg 1200w\" sizes=\"auto, (max-width: 1024px) 100vw, 1024px\" \/><figcaption class=\"wp-element-caption\">Gonzo<\/figcaption><\/figure>\n<\/div>\n\n\n<p class=\"has-text-align-center\">Ich bin nicht verwandt und habe auch sonst keine \u00c4hnlichkeiten mit meinem Namenskollegen Gonzo aus der Muppet-Show. Was ich mich, wie mein Kollege in der Muppet-Show, schon mal traue, sind abenteuerliche Ausfl\u00fcge. Soll also hei\u00dfen, dass ich in meiner Art ein temperamentvoller Zeitgeist bin, der mit seiner \u00fcberschw\u00e4nglichen Art, seine innere Furcht sehr cool \u00fcberspielen kann. Wie mein Freund Helmfried, bin ich vor meiner Ankunft hier her, k\u00f6rperlich gequ\u00e4lt worden. Viele innere Verletzungen zeugen noch heute daher. Ich habe aber in der LebensSchuleNatur ein sch\u00f6nes, neues Zuhause gefunden in dem es mir an nichts fehlt und die Schmerzen von damals sind fast vergessen. Habe ich in dir einen Freund gefunden, der mich so nimmt, wie ich bin und du mir Sicherheit bietest, werde ich ganz sanftm\u00fctig, treu und manchmal sogar z\u00e4rtlich. Eine Patenschaft mit mir, hei\u00dft Freunde f\u00fcrs Leben<\/p>\n\n\n\n<h2 class=\"wp-block-heading has-text-align-center\">Emilio und Ernesto zwei starke Typen<\/h2>\n\n\n<div class=\"wp-block-image is-style-rounded\">\n<figure class=\"aligncenter size-large is-resized\"><img loading=\"lazy\" decoding=\"async\" width=\"1024\" height=\"681\" src=\"https:\/\/leschuna.de\/wp-content\/uploads\/2020\/09\/Emilio-und-Ernesto-1-1024x681.jpg\" alt=\"\" class=\"wp-image-631\" style=\"width:335px;height:221px\" srcset=\"https:\/\/leschuna.de\/wp-content\/uploads\/2020\/09\/Emilio-und-Ernesto-1-1024x681.jpg 1024w, https:\/\/leschuna.de\/wp-content\/uploads\/2020\/09\/Emilio-und-Ernesto-1-300x200.jpg 300w, https:\/\/leschuna.de\/wp-content\/uploads\/2020\/09\/Emilio-und-Ernesto-1-768x511.jpg 768w, https:\/\/leschuna.de\/wp-content\/uploads\/2020\/09\/Emilio-und-Ernesto-1.jpg 1200w\" sizes=\"auto, (max-width: 1024px) 100vw, 1024px\" \/><figcaption class=\"wp-element-caption\">Ernesto und Emilio (sind 2024 und 2025 von uns gegangen)<\/figcaption><\/figure>\n<\/div>\n\n\n<p class=\"has-text-align-center\">Das was wir, Emilio und Ernesto, dir jetzt erz\u00e4hlen ist nicht ganz so sch\u00f6n, doch die Geschichte hat ein Happy End. Emilio und ich haben die gleiche Vorgeschichte drum stellen wir uns gemeinsam vor. Von unserem Vorbesitzer wurden Emilio und ich nicht liebevoll behandelt. Dadurch bedingt trugen wir 365 Tage im Jahr unser Halfter. Das allein ist an Qu\u00e4lerei f\u00fcr ein Tier kaum zu \u00fcberbieten. Es f\u00fchlt sich sicherlich so an, als wenn ein Mensch im Gef\u00e4ngnis ist. Unsere Angst vor den Menschen ist immer gr\u00f6\u00dfer geworden und so konnten wir irgendwann auch nicht mehr auf nat\u00fcrliche Weise von der Weide geholt werden. So wurden wir vor unserer&nbsp;Rettungsreise tagelang gejagt und anschlie\u00dfend bet\u00e4ubt und an den Standort verfrachtet (wie ein Paket verschn\u00fcrt), zu dem wir sollten. Ein Now Go und Trauma, das sehr viel Zeit ben\u00f6tigte damit es gewandelt werden konnte. In unserem neuen Zuhause, der LebensSchuleNatur sollte jedoch alles anders werden. Ernesto und ich sind sehr neugierig und relativ jung. Das waren und sind beste Voraussetzungen gewesen, um einen Neuanfang zu starten. Unsere neuen Menschen haben Emilio und mir viel Zeit, Geduld und Gef\u00fchle, Gef\u00fchle, Gef\u00fchle entgegengebracht und es ist ihnen nach mehreren Wochen Training&nbsp;gelungen, uns wieder an ein Halfter zu gew\u00f6hnen. Mittlerweile nach gut zwei Jahren lassen wir uns sogar an der Leine spazieren f\u00fchren. Unser emsiger Wille, wie unsere Herdenkollegen Aufgaben zu erf\u00fcllen, sind wir ein ganzes St\u00fcck n\u00e4hergekommen. F\u00fcr unsere neuen Menschen und f\u00fcr viele Besucher, sind wir liebevolle, fr\u00f6hliche und zutrauliche Partner geworden. Egal f\u00fcr wen von uns du eine Patenschaft \u00fcbernimmst, es wird uns ein gro\u00dfes Vergn\u00fcgen sein, dich ein St\u00fcck im Leben zu begleiten. Ernesto verweilt nicht mehr unter uns ist aber stets im Geist dabei.<\/p>\n\n\n\n<h2 class=\"wp-block-heading has-text-align-center\">Paco der W\u00e4chter<\/h2>\n\n\n<div class=\"wp-block-image is-style-rounded\">\n<figure class=\"aligncenter size-large is-resized\"><img loading=\"lazy\" decoding=\"async\" width=\"681\" height=\"1024\" src=\"https:\/\/leschuna.de\/wp-content\/uploads\/2020\/09\/Paco-681x1024.jpg\" alt=\"\" class=\"wp-image-641\" style=\"width:247px;height:372px\" srcset=\"https:\/\/leschuna.de\/wp-content\/uploads\/2020\/09\/Paco-681x1024.jpg 681w, https:\/\/leschuna.de\/wp-content\/uploads\/2020\/09\/Paco-200x300.jpg 200w, https:\/\/leschuna.de\/wp-content\/uploads\/2020\/09\/Paco-768x1155.jpg 768w, https:\/\/leschuna.de\/wp-content\/uploads\/2020\/09\/Paco-718x1080.jpg 718w, https:\/\/leschuna.de\/wp-content\/uploads\/2020\/09\/Paco.jpg 798w\" sizes=\"auto, (max-width: 681px) 100vw, 681px\" \/><figcaption class=\"wp-element-caption\">Paco<\/figcaption><\/figure>\n<\/div>\n\n\n<p class=\"has-text-align-center\">Bevor ich \u201ePacco\u201c in die Herde der LebensSchuleNatur kam, war meine Lebensgeschichte auch nicht allzu berauschend. Lamas und Alpakas sind Herdentiere. Doch der Vorbesitzer von mir glaubte, mich allein halten zu k\u00f6nnen. Mit der Zeit dachte ich mein Besitzer sei auch ein Lama. Dieser Schuss ging nach Hinten los. Mein Besitzer wurde also bespuckt und ich versuchte sogar mit ihm zu spielen. Doch ich war viel schneller, geschickter und manchmal auch grob. Das sorgte f\u00fcr Unannehmlichkeiten. Und so kam ich desozialisiert, was Herdenverhalten anbelangt, zur LebensSchuleNatur. Oh je, was war hier denn los? So viele komische Gestalten, die auch noch genauso rochen wie ich. Ich wusste nicht, was ich tun sollte. Immer wieder versuchte ich einen Spielkameraden zu bekommen oder als Erster an das Futter zu gelangen. Doch die anderen bespuckten mich und machten mich darauf aufmerksam die Herdenordnung einzuhalten. Noch heute bin ich t\u00e4glich damit besch\u00e4ftigt meine Pers\u00f6nlichkeit in der Herde zu integrieren. Meine Hartn\u00e4ckigkeit hat sich jedoch gelohnt und ich habe mich positiv entwickelt. An manchen Tagen darf ich sogar als einziger den Schlafplatz von Checkers, dem Chef, benutzen. Ich bin ein K\u00e4mpfer mit gro\u00dfem Herz. Meine Seele gibt mehr als sie nimmt. Das schw\u00e4cht mich hin und wieder in manchen Alltagssituationen und meine Gelassenheit wird durch Furcht \u00fcberdeckt. Hunde und wilde Tiere lassen mich unruhig werden, wenn ich am F\u00fchrstrick bin. Bin ich in Freiheit gehe ich mit stolzer Brust der Gefahr entgegen. In einer Patenschaft bin ich ein sanfter Krieger, der dich besch\u00fctzen wird.<\/p>\n\n\n\n<h2 class=\"wp-block-heading has-text-align-center\">Sancho der Athlet<\/h2>\n\n\n<div class=\"wp-block-image is-style-rounded\">\n<figure class=\"aligncenter size-large is-resized\"><img loading=\"lazy\" decoding=\"async\" width=\"1024\" height=\"681\" src=\"https:\/\/leschuna.de\/wp-content\/uploads\/2020\/09\/200530-12-1024x681.jpg\" alt=\"\" class=\"wp-image-659\" style=\"width:319px;height:210px\" srcset=\"https:\/\/leschuna.de\/wp-content\/uploads\/2020\/09\/200530-12-1024x681.jpg 1024w, https:\/\/leschuna.de\/wp-content\/uploads\/2020\/09\/200530-12-300x200.jpg 300w, https:\/\/leschuna.de\/wp-content\/uploads\/2020\/09\/200530-12-768x511.jpg 768w, https:\/\/leschuna.de\/wp-content\/uploads\/2020\/09\/200530-12.jpg 1200w\" sizes=\"auto, (max-width: 1024px) 100vw, 1024px\" \/><figcaption class=\"wp-element-caption\">Sancho<\/figcaption><\/figure>\n<\/div>\n\n\n<p class=\"has-text-align-center\">Mein Name ist Sancho und ich bin mit meinem Freund Pablo als Alpaka in die Herde gekommen. Das war ziemlich lustig, denn eigentlich waren hier nur Lamas unterwegs. Unser Mensch Daniel, der auch in der LebensSchuleNatur zu Hause ist, hatte irgendwann einmal ge\u00e4u\u00dfert er f\u00e4nde Alpakas auch ganz s\u00fc\u00df. Und so bekam er zu seinem n\u00e4chsten Geburtstag uns geschenkt. Wir sind auch die einzigen beiden Tiere die nicht gerettet wurden. Das merkt man uns sicherlich auch an. Denn ich bin eine kleine Diva und mag es nicht, wenn jemand mir von Hinten zu nahekommt. Au\u00dferdem kann ich auch wie ein M\u00e4dchen kreischen wenn ich nicht will das ein Herdenkollege mir das Futter wegfrisst. Bin ich mit Menschen zusammen und am F\u00fchrstrick, folge ich aufmerksam und mit leichtf\u00fc\u00dfigen Schritten. Ich bin ein beliebtes Fotoobjekt und poussiere gerne f\u00fcr ein Selfie. Streicheln d\u00fcrft ihr mich auch, aber nur am Hals und auf dem R\u00fccken, das habe ich sogar gerne. \u00dcbernimmst du eine Patenschaft von mir bekommst du sehr viele sch\u00f6ne Fotos daf\u00fcr.<\/p>\n\n\n\n<h2 class=\"wp-block-heading has-text-align-center\">Pablo der ruhende Pol<\/h2>\n\n\n<div class=\"wp-block-image is-style-rounded\">\n<figure class=\"aligncenter size-large is-resized\"><img loading=\"lazy\" decoding=\"async\" width=\"681\" height=\"1024\" src=\"https:\/\/leschuna.de\/wp-content\/uploads\/2020\/09\/200530-25-681x1024.jpg\" alt=\"\" class=\"wp-image-658\" style=\"width:256px;height:386px\" srcset=\"https:\/\/leschuna.de\/wp-content\/uploads\/2020\/09\/200530-25-681x1024.jpg 681w, https:\/\/leschuna.de\/wp-content\/uploads\/2020\/09\/200530-25-200x300.jpg 200w, https:\/\/leschuna.de\/wp-content\/uploads\/2020\/09\/200530-25-768x1155.jpg 768w, https:\/\/leschuna.de\/wp-content\/uploads\/2020\/09\/200530-25-718x1080.jpg 718w, https:\/\/leschuna.de\/wp-content\/uploads\/2020\/09\/200530-25.jpg 798w\" sizes=\"auto, (max-width: 681px) 100vw, 681px\" \/><figcaption class=\"wp-element-caption\">Pablo<\/figcaption><\/figure>\n<\/div>\n\n\n<p class=\"has-text-align-center\">Wie Sancho bereits erz\u00e4hlt hat sind wir gute Freunde und geh\u00f6ren zu der Familie der Alpakas. Ich bin eher das Gegenteil von Sancho. Ruhig, gem\u00fctlich und vielleicht auch ein bisschen langsam. Doch wenn ihr uns nebeneinander stellt werdet ihr sehen, dass ich mein Futter schon bekomme. Am liebsten halte ich mich in der N\u00e4he von Checkers, dem Chef&nbsp;auf, weil er auf mich aufpasst und mich verteidigt. Ich mag kleine Kinder aber auch gro\u00dfe Menschen. In gro\u00dfen Menschen erwecke ich wohl mit meinem Aussehen ihr inneres Kind\u2026\u2026? \u201eIst der s\u00fc\u00df\u201c h\u00f6re ich die gro\u00dfen Menschen h\u00e4ufig sagen. Ja so f\u00fchle ich mich auch, S\u00dc\u00df. In deiner Patenschaft mit mir k\u00f6nnen wir viel miteinander kuscheln.<\/p>\n\n\n\n<h2 class=\"wp-block-heading has-text-align-center\">Wir sind besondere Schafe<\/h2>\n\n\n<div class=\"wp-block-image is-style-rounded\">\n<figure class=\"aligncenter size-large is-resized\"><img loading=\"lazy\" decoding=\"async\" width=\"1024\" height=\"681\" src=\"https:\/\/leschuna.de\/wp-content\/uploads\/2020\/09\/DSC_0003-1024x681.jpg\" alt=\"\" class=\"wp-image-667\" style=\"width:331px;height:220px\" srcset=\"https:\/\/leschuna.de\/wp-content\/uploads\/2020\/09\/DSC_0003-1024x681.jpg 1024w, https:\/\/leschuna.de\/wp-content\/uploads\/2020\/09\/DSC_0003-300x200.jpg 300w, https:\/\/leschuna.de\/wp-content\/uploads\/2020\/09\/DSC_0003-768x511.jpg 768w, https:\/\/leschuna.de\/wp-content\/uploads\/2020\/09\/DSC_0003-1536x1021.jpg 1536w, https:\/\/leschuna.de\/wp-content\/uploads\/2020\/09\/DSC_0003-1624x1080.jpg 1624w, https:\/\/leschuna.de\/wp-content\/uploads\/2020\/09\/DSC_0003.jpg 1800w\" sizes=\"auto, (max-width: 1024px) 100vw, 1024px\" \/><figcaption class=\"wp-element-caption\">Uns gibt es nur gemeinsam<\/figcaption><\/figure>\n<\/div>\n\n\n<p class=\"has-text-align-center\">Wir sind allesamt Skuddenschafe und geh\u00f6ren zu der \u00e4ltesten Hausschafrasse. Wir stehen auf einer roten Liste der bedrohten Nutztierrassen. Das Wort Skudde hat unterschiedliche Bedeutungen. Zum einen hei\u00dft es in einer fremden Sprache auch Springen oder H\u00fcpfen, was wir n\u00e4mlich gerne tun, wenn wir miteinander spielen, oder es steht f\u00fcr die Region, aus der unsere Urahnen kommen Skuodas, eine Stadt im niederlitauischen Gebiet. Wir sind eine Familie, Silvester und \u2026\u2026sind unsere Eltern, usw\u2026\u2026 Richtig da gibt es mittlerweile noch drei Schafe. Die sehen ganz anders aus als wir und verhalten sich auch manchmal ganz anders. Doch ihre Geschichten&nbsp;erz\u00e4hlen sie euch selbst. Wir sind besondere Schafe und so besonders ist auch eine Patenschaft mit uns.<\/p>\n\n\n\n<h2 class=\"wp-block-heading has-text-align-center\">Nuka, meine Geschichte ist&#8230;.<\/h2>\n\n\n<div class=\"wp-block-image is-style-rounded\">\n<figure class=\"aligncenter size-large is-resized\"><img loading=\"lazy\" decoding=\"async\" width=\"1024\" height=\"681\" src=\"https:\/\/leschuna.de\/wp-content\/uploads\/2020\/09\/200530-16-1024x681.jpg\" alt=\"\" class=\"wp-image-669\" style=\"width:325px;height:213px\" srcset=\"https:\/\/leschuna.de\/wp-content\/uploads\/2020\/09\/200530-16-1024x681.jpg 1024w, https:\/\/leschuna.de\/wp-content\/uploads\/2020\/09\/200530-16-300x200.jpg 300w, https:\/\/leschuna.de\/wp-content\/uploads\/2020\/09\/200530-16-768x511.jpg 768w, https:\/\/leschuna.de\/wp-content\/uploads\/2020\/09\/200530-16.jpg 1200w\" sizes=\"auto, (max-width: 1024px) 100vw, 1024px\" \/><figcaption class=\"wp-element-caption\">Nuka<\/figcaption><\/figure>\n<\/div>\n\n\n<p class=\"has-text-align-center\">Hallo Hallo Hall\u00f6le, ich bin die Nuka. Ja ich bin nicht ganz so besonders, was meine Herkunft anbelangt, wie die anderen Schafe hier bei uns und dennoch bin ich einzigartig und wer mich in sein Herz geschlossen hat, f\u00fcr den bin ich eine Freundin f\u00fcrs Leben. Nun ich bin mit 3 Tagen hierhergekommen, weil meine Mama keine Milch oder nicht gen\u00fcgend Milch f\u00fcr mich hatte und so bekam ich Eliza als meine Ziehmama. Am Anfang musste sie mir alle zwei Stunden warme Milch zubereiten und mich mit der Flasche f\u00fcttern. Ich durfte mit im Haus leben, mit den Hunden spielen, ging sogar mit ins griechische Restaurant und in die Schule. Ich sage Euch, ich hatte eine richtig spannende Kindheit. (Ich habe sogar mal Pempers getragen, das war lustig Haha) Naja, doch irgendwann als ich etwas gr\u00f6\u00dfer wurde musste ich mit zu den anderen Tieren. Die Schafe sind erst einmal vor mir weggelaufen und ich wei\u00df bis heute nicht warum, komische Kollegen. Die Lamas und Alpakas dagegen fanden mich von Beginn an sehr sympathisch und haben mich in ihrer Herde aufgenommen. Das fand ich Klasse von denen, denn allein wollte ich auf dieser gro\u00dfen Koppel auch nicht sein. Da ich noch nicht so richtig wusste was man hier drau\u00dfen so frisst habe ich mir alles bei den Lamas und Alpakas abgeschaut. Ich gehe auch gerne mit den Lamas und Alpakas spazieren, wenn die Menschen kommen und&nbsp;uns n\u00e4her kennenlernen wollen. Ich bin ein Kuschelschaf, auch wenn ich schon etwas \u00e4lter geworden bin, so lasse ich mich immer noch gerne streicheln und massieren. \u00dcbernimmst du eine Patenschaft von mir kann ich dir viele spannende und lustige Geschichten \u00fcber mich erz\u00e4hlen.<\/p>\n\n\n\n<h2 class=\"wp-block-heading has-text-align-center\">Vorerst&nbsp;heissen wir Milka und Lilli<\/h2>\n\n\n<div class=\"wp-block-image is-style-rounded\">\n<figure class=\"aligncenter size-large is-resized\"><img loading=\"lazy\" decoding=\"async\" width=\"768\" height=\"1024\" src=\"https:\/\/leschuna.de\/wp-content\/uploads\/2018\/12\/YDYW3478-768x1024.jpg\" alt=\"\" class=\"wp-image-345\" style=\"width:278px;height:370px\" srcset=\"https:\/\/leschuna.de\/wp-content\/uploads\/2018\/12\/YDYW3478.jpg 768w, https:\/\/leschuna.de\/wp-content\/uploads\/2018\/12\/YDYW3478-225x300.jpg 225w\" sizes=\"auto, (max-width: 768px) 100vw, 768px\" \/><figcaption class=\"wp-element-caption\">Das sind Daniel und Nuka<\/figcaption><\/figure>\n<\/div>\n\n\n<p class=\"has-text-align-center\">Wir&nbsp;heissen zun\u00e4chst Milka und Lilli. Wir waren wie Nuka zwei Flaschenl\u00e4mmer, die von ihrer Mama nicht angenommen wurden. Das war echt schade, aber wir wollten auch diese Besonderheit f\u00fcr uns annehmen und sind dadurch sehr menschenbezogen. Wenn Beate und Daniel nicht gewesen w\u00e4ren h\u00e4tten wir bestimmt zum Fleischer gemusst und das wollten wir nicht. Also haben wir uns bei ihrem Besuch, der dazu diente, zwei Schafe vor dem Fleischer zu retten, sofort an ihre Fersen geh\u00e4ngt und sind nicht mehr von ihnen weggegangen. So war f\u00fcr die Beiden klar wir geh\u00f6ren in die Tierfamilie der LebensSchuleNatur. Wir gew\u00f6hnen uns hier langsam ein und die neue Familie ist echt cool. Alle passen auf uns auf und haben uns in ihr Herz geschlossen. Der oder Diejenige, die als Erste eine Patenschaft f\u00fcr uns \u00fcbernehmen, darf auch den endg\u00fcltigen Namen f\u00fcr uns aussuchen. Aus diesem Grund haben wir n\u00e4mlich noch keinen. Wir freuen uns auf eine spannende Zeit mit Dir.<\/p>\n\n\n\n<p><\/p>\n\n\n\n<h2 class=\"wp-block-heading has-text-align-center\">Unsere Tiere in Pflege&#8230;<\/h2>\n\n\n<div class=\"wp-block-image is-style-rounded\">\n<figure class=\"aligncenter size-large is-resized\"><img loading=\"lazy\" decoding=\"async\" width=\"1024\" height=\"768\" src=\"https:\/\/leschuna.de\/wp-content\/uploads\/2020\/09\/IMG_9099-1024x768.jpg\" alt=\"\" class=\"wp-image-670\" style=\"width:309px;height:232px\" srcset=\"https:\/\/leschuna.de\/wp-content\/uploads\/2020\/09\/IMG_9099-1024x768.jpg 1024w, https:\/\/leschuna.de\/wp-content\/uploads\/2020\/09\/IMG_9099-300x225.jpg 300w, https:\/\/leschuna.de\/wp-content\/uploads\/2020\/09\/IMG_9099-768x576.jpg 768w, https:\/\/leschuna.de\/wp-content\/uploads\/2020\/09\/IMG_9099-1536x1152.jpg 1536w, https:\/\/leschuna.de\/wp-content\/uploads\/2020\/09\/IMG_9099-2048x1536.jpg 2048w, https:\/\/leschuna.de\/wp-content\/uploads\/2020\/09\/IMG_9099-1440x1080.jpg 1440w\" sizes=\"auto, (max-width: 1024px) 100vw, 1024px\" \/><figcaption class=\"wp-element-caption\">Adina (verweilt nicht mehr unter uns)<\/figcaption><\/figure>\n<\/div>\n\n\n<p class=\"has-text-align-center\">Ich bin Adina, bin eine Kr\u00e4he und geh\u00f6re zur Familie der Rabentiere. Als kleines Baby bin ich aus dem Nest gefallen und hatte einige Verletzungen. Mit viel Liebe und Geduld wurde ich von Beate und Daniel gesund gepflegt. Meine Federn wuchsen etwas langsam und so lernte ich auch nicht fliegen. Auch Daniel und Beate konnten mir das Fliegen nicht beibringen. Langsam versuche ich mich au\u00dferhalb meines Hauses mit Spazierg\u00e4ngen und leichten Flugeinheiten. So richtig funktioniert es noch nicht. Vielleicht kommt mal ein h\u00fcbscher Kr\u00e4henmann vorbei und bringt mir das Fliegen bei.<\/p>\n\n\n\n<h2 class=\"wp-block-heading has-text-align-center\">Unsere Tiervielfalt im und um unseren Waldgarten<\/h2>\n\n\n\nngg_shortcode_1_placeholder\n\n\n\n<p class=\"has-text-align-center\">In und um unseren Waldgarten sind sehr viele Vogelarten zuhause. Gr\u00fcnspechte, Buntspechte, Amseln, Drosseln, Spatzen, Kr\u00e4hen, Bussarde, Rotkehlchen, Zaunk\u00f6nige, Nachtigallen, Maisen, Tauben, Elstern und noch viele mehr. Es gibt Eichh\u00f6rnchen, Igel, Hasen, manchmal kommt auch der Fuchs vorbei und es gibt ganz viele Insekten und Nagetiere. Hier bei uns in der LebensSchuleNatur haben die Tiere einen gesch\u00fctzten Bereich, in dem sie miteinander leben d\u00fcrfen. Als Dank und weil nicht immer gen\u00fcgend Futter und Wasser vorhanden ist, versorgen wir die Tiere so gut wie m\u00f6glich mit. Auch f\u00fcr unsere Tierwelt kannst du eine Patenschaft \u00fcbernehmen, \u00fcber die wir uns sehr freuen w\u00fcrden.<\/p>\n\n\n\n<h2 class=\"wp-block-heading has-text-align-center\">Karino, das Gl\u00fcck der Erde&#8230;..<\/h2>\n\n\n<div class=\"wp-block-image is-style-rounded\">\n<figure class=\"aligncenter size-large is-resized\"><img loading=\"lazy\" decoding=\"async\" width=\"768\" height=\"1024\" src=\"https:\/\/leschuna.de\/wp-content\/uploads\/2020\/09\/DMWR3993-768x1024.jpg\" alt=\"\" class=\"wp-image-703\" style=\"width:209px;height:278px\" srcset=\"https:\/\/leschuna.de\/wp-content\/uploads\/2020\/09\/DMWR3993-768x1023.jpg 768w, https:\/\/leschuna.de\/wp-content\/uploads\/2020\/09\/DMWR3993-225x300.jpg 225w, https:\/\/leschuna.de\/wp-content\/uploads\/2020\/09\/DMWR3993-1153x1536.jpg 1153w, https:\/\/leschuna.de\/wp-content\/uploads\/2020\/09\/DMWR3993-1024x1364.jpg 1024w, https:\/\/leschuna.de\/wp-content\/uploads\/2020\/09\/DMWR3993-811x1080.jpg 811w, https:\/\/leschuna.de\/wp-content\/uploads\/2020\/09\/DMWR3993.jpg 1200w\" sizes=\"auto, (max-width: 768px) 100vw, 768px\" \/><figcaption class=\"wp-element-caption\">Karino<\/figcaption><\/figure>\n<\/div>\n\n\n<p class=\"has-text-align-center\">Mein Name ist Karino. Ich bin ein Alt Oldenburger Wallach und lebe in Ober- Ramstadt auf dem Sonnenhof. Dort gibt es eine Reithalle und wundersch\u00f6ne Weiden, sowie die M\u00f6glichkeit im Wald und auf Feldern spazieren zu gehen. Ich unterst\u00fctze Beate bei der Arbeit mit ihren Klientinnen und Klienten. Ich bin sehr liebevoll und zutraulich und brauche eine deutliche Ansprache. Mein breiter R\u00fccken bietet Halt und Geborgenheit f\u00fcr Klein und Gro\u00df. Ich bin Herdenchef und bringe Ruhe in die Herde. Ich bin sehr fotogen, wie du auf den Bildern sehen kannst. Wenn du eine Patenschaft bei mir \u00fcbernimmst werden wir bestimmt viel Spa\u00df haben.<\/p>\n\n\n\n<h2 class=\"wp-block-heading has-text-align-center\">Lady Fortuna, ein gro\u00dfes Herz<\/h2>\n\n\n<div class=\"wp-block-image is-style-rounded\">\n<figure class=\"aligncenter size-large is-resized\"><img loading=\"lazy\" decoding=\"async\" width=\"768\" height=\"1024\" src=\"https:\/\/leschuna.de\/wp-content\/uploads\/2020\/09\/DEQA0725-768x1024.jpg\" alt=\"\" class=\"wp-image-705\" style=\"width:226px;height:300px\" srcset=\"https:\/\/leschuna.de\/wp-content\/uploads\/2020\/09\/DEQA0725-768x1024.jpg 768w, https:\/\/leschuna.de\/wp-content\/uploads\/2020\/09\/DEQA0725-225x300.jpg 225w, https:\/\/leschuna.de\/wp-content\/uploads\/2020\/09\/DEQA0725-1152x1536.jpg 1152w, https:\/\/leschuna.de\/wp-content\/uploads\/2020\/09\/DEQA0725-1024x1365.jpg 1024w, https:\/\/leschuna.de\/wp-content\/uploads\/2020\/09\/DEQA0725-810x1080.jpg 810w, https:\/\/leschuna.de\/wp-content\/uploads\/2020\/09\/DEQA0725.jpg 1200w\" sizes=\"auto, (max-width: 768px) 100vw, 768px\" \/><figcaption class=\"wp-element-caption\">Lady Fortuna<\/figcaption><\/figure>\n<\/div>\n\n\n<p class=\"has-text-align-center\">Ich bin Lady Fortuna und eine Shire Horse Mix Schimmelstute. Die meisten Menschen nennen mich Fortuna. Ich lebe wie Karino in Ober- Ramstadt auf dem Sonnenhof. Nicht nur mein K\u00f6rper ist sehr gro\u00df, auch mein Herz hat einiges zu bieten. Meine liebevolle, z\u00e4rtliche und warmherzige Art kann dich in den siebten Himmel tragen. Mit meinen&nbsp;8 Jahren bin ich noch&nbsp;jung, habe aber bereits Muttererfahrungen gesammelt und bin wie Karino in der Herde die 2.Chefin. Auf meinem R\u00fccken f\u00fchlst du dich wie auf Mutters Schoss getragen. Manche Menschen behaupten ich sei ein Einhorn&#8230;..&nbsp;.&nbsp; Eine Patenschaft mit mir, l\u00e4sst Dein Herz fliegen&#8230;. .<\/p>\n\n\n\n<h2 class=\"wp-block-heading has-text-align-center\">Mozart und Poldi, sind unzertrennlich<\/h2>\n\n\n<div class=\"wp-block-image is-style-rounded\">\n<figure class=\"aligncenter size-large is-resized\"><img loading=\"lazy\" decoding=\"async\" width=\"768\" height=\"1024\" src=\"https:\/\/leschuna.de\/wp-content\/uploads\/2020\/09\/EOUM9395-768x1024.jpg\" alt=\"\" class=\"wp-image-707\" style=\"width:204px;height:271px\" srcset=\"https:\/\/leschuna.de\/wp-content\/uploads\/2020\/09\/EOUM9395-768x1024.jpg 768w, https:\/\/leschuna.de\/wp-content\/uploads\/2020\/09\/EOUM9395-225x300.jpg 225w, https:\/\/leschuna.de\/wp-content\/uploads\/2020\/09\/EOUM9395-1152x1536.jpg 1152w, https:\/\/leschuna.de\/wp-content\/uploads\/2020\/09\/EOUM9395-1024x1365.jpg 1024w, https:\/\/leschuna.de\/wp-content\/uploads\/2020\/09\/EOUM9395-810x1080.jpg 810w, https:\/\/leschuna.de\/wp-content\/uploads\/2020\/09\/EOUM9395.jpg 1200w\" sizes=\"auto, (max-width: 768px) 100vw, 768px\" \/><figcaption class=\"wp-element-caption\">Mozart und Poldi<\/figcaption><\/figure>\n<\/div>\n\n\n<p class=\"has-text-align-center\">Wir zwei werden Mozart und Poldi genannt und sind unzertrennliche Freunde. Wir gehen durch dick und d\u00fcnn. Unseren Weg in die LebensSchuleNatur haben wir im Kofferraum eines Autos gefunden. Wir wurden n\u00e4mlich durch Beate vor unseren Vorbesitzern gerettet. Wir sind zwei&nbsp;Mini-Shetties die nicht nur Kinder begeistern k\u00f6nnen. Gelegentlich fahren wir in Seniorenheime und besuchen dort die Bewohner. Wir lieben es gestreichelt und massiert zu werden. Ausgiebige Spazierg\u00e4nge sind unsere Leidenschaft. Hin und wieder spielen wir auch gerne in der Reithalle. Au\u00dferdem \u00fcben wir ganz flei\u00dfig, damit wir im Jahr 2021 eine Ponykutsche ziehen d\u00fcrfen.&nbsp;Ob kleiner oder gro\u00dfer Mensch, mit uns wird\u2019s immer lustig. Wirst du Pate von Einem, kriegst du Zwei. Grins<\/p>\n","protected":false},"excerpt":{"rendered":"<p>UNSERE TIERE Auf dieser Seite stellen sich unsere Tiere vor&#8230;&#8230; Checkers der Herdenchef 06.06.2023 friedlich eingeschlafen Ich war der Lamachef Checkers. Ich beh\u00fctete die Lama- Alpaka- und Schafherde und lehrte meinen Artgenossen Ruhe und Gelassenheit. Mit mir und meinem Freund White Boy (bei dem ich jetzt im Himmel bin) begann in der LebensSchuleNatur die Lama-&hellip; <br \/> <a class=\"read-more\" href=\"https:\/\/leschuna.de\/index.php\/unsere-tiere\/\">Weiterlesen<\/a><\/p>\n","protected":false},"author":1,"featured_media":0,"parent":0,"menu_order":0,"comment_status":"closed","ping_status":"closed","template":"","meta":{"ngg_post_thumbnail":0,"footnotes":""},"class_list":["post-149","page","type-page","status-publish","hentry"],"_links":{"self":[{"href":"https:\/\/leschuna.de\/index.php\/wp-json\/wp\/v2\/pages\/149","targetHints":{"allow":["GET"]}}],"collection":[{"href":"https:\/\/leschuna.de\/index.php\/wp-json\/wp\/v2\/pages"}],"about":[{"href":"https:\/\/leschuna.de\/index.php\/wp-json\/wp\/v2\/types\/page"}],"author":[{"embeddable":true,"href":"https:\/\/leschuna.de\/index.php\/wp-json\/wp\/v2\/users\/1"}],"replies":[{"embeddable":true,"href":"https:\/\/leschuna.de\/index.php\/wp-json\/wp\/v2\/comments?post=149"}],"version-history":[{"count":30,"href":"https:\/\/leschuna.de\/index.php\/wp-json\/wp\/v2\/pages\/149\/revisions"}],"predecessor-version":[{"id":1142,"href":"https:\/\/leschuna.de\/index.php\/wp-json\/wp\/v2\/pages\/149\/revisions\/1142"}],"wp:attachment":[{"href":"https:\/\/leschuna.de\/index.php\/wp-json\/wp\/v2\/media?parent=149"}],"curies":[{"name":"wp","href":"https:\/\/api.w.org\/{rel}","templated":true}]}}